{"id":339885,"date":"2022-07-27T10:39:36","date_gmt":"2022-07-27T10:39:36","guid":{"rendered":"https:\/\/joancerda.com\/?page_id=339885"},"modified":"2023-01-11T14:42:23","modified_gmt":"2023-01-11T14:42:23","slug":"rechtsberatung-mallorca","status":"publish","type":"page","link":"https:\/\/joancerda.com\/de\/rechtsberatung-mallorca\/","title":{"rendered":"Rechtsberatung mallorca\u00a0\u00a0"},"content":{"rendered":"<p>[et_pb_section fb_built=&#8220;1&#8243; _builder_version=&#8220;4.16&#8243; _module_preset=&#8220;default&#8220; custom_margin=&#8220;|200px||200px|false|true&#8220; custom_padding=&#8220;|||0px||&#8220; global_colors_info=&#8220;{}&#8220;][et_pb_row _builder_version=&#8220;4.16&#8243; _module_preset=&#8220;default&#8220; global_colors_info=&#8220;{}&#8220;][et_pb_column type=&#8220;4_4&#8243; _builder_version=&#8220;4.16&#8243; _module_preset=&#8220;default&#8220; global_colors_info=&#8220;{}&#8220;][et_pb_text _builder_version=&#8220;4.16&#8243; _module_preset=&#8220;default&#8220; text_font=&#8220;Arial||||||||&#8220; text_text_color=&#8220;#0a0a0a&#8220; text_font_size=&#8220;15px&#8220; text_letter_spacing=&#8220;1px&#8220; text_line_height=&#8220;1.5em&#8220; header_text_color=&#8220;#0a0a0a&#8220; global_colors_info=&#8220;{}&#8220;]<\/p>\n<h1><strong>Rechtsberatung Mallorca   <\/strong><\/h1>\n<p>[\/et_pb_text][\/et_pb_column][\/et_pb_row][et_pb_row column_structure=&#8220;1_2,1_2&#8243; _builder_version=&#8220;4.16&#8243; _module_preset=&#8220;default&#8220; global_colors_info=&#8220;{}&#8220;][et_pb_column type=&#8220;1_2&#8243; _builder_version=&#8220;4.16&#8243; _module_preset=&#8220;default&#8220; global_colors_info=&#8220;{}&#8220;][et_pb_text _builder_version=&#8220;4.16&#8243; _module_preset=&#8220;default&#8220; text_font=&#8220;Arial||||||||&#8220; text_text_color=&#8220;#0a0a0a&#8220; text_font_size=&#8220;15px&#8220; text_letter_spacing=&#8220;1px&#8220; text_line_height=&#8220;1.5em&#8220; custom_margin=&#8220;||||true|false&#8220; global_colors_info=&#8220;{}&#8220;]<\/p>\n<p><span>Sie sind eine Einzelperson, ein Unternehmen oder ein Familienverband und ben\u00f6tigen eine <strong>Rechtsberatung auf Mallorca<\/strong>? Sie sind zur richtigen Zeit am richtigen Ort. Wir von Joan Cerd\u00e0 Associats verf\u00fcgen \u00fcber eine gro\u00dfe Erfahrung in diesem Sektor und eine Erfolgsbilanz, die von allen Kunden, die sich f\u00fcr unsere Dienste entschieden haben, sehr gesch\u00e4tzt wird. Au\u00dferdem k\u00f6nnen wir Ihnen versichern, dass wir stets \u00fcber alle Neuerungen im rechtlichen und steuerlichen Bereich informiert sind. Unser Ziel ist es, uns zu verbessern und weiterzuentwickeln, um allen unseren Kunden, auch denen mit den anspruchsvollsten Anforderungen, die bestm\u00f6gliche Antwort zu geben. Unser Hauptziel ist es, die Bed\u00fcrfnisse unserer Kunden zu erf\u00fcllen und ihre Erwartungen zu erf\u00fcllen.<\/span><\/p>\n<p>[\/et_pb_text][\/et_pb_column][et_pb_column type=&#8220;1_2&#8243; _builder_version=&#8220;4.16&#8243; _module_preset=&#8220;default&#8220; global_colors_info=&#8220;{}&#8220;][et_pb_image src=&#8220;https:\/\/joancerda.com\/wp-content\/uploads\/2021\/11\/scott-graham-OQMZwNd3ThU-unsplash.jpg&#8220; alt=&#8220;rechtsberatung mallorca&#8220; title_text=&#8220;scott-graham-OQMZwNd3ThU-unsplash&#8220; _builder_version=&#8220;4.16&#8243; _module_preset=&#8220;default&#8220; width=&#8220;79%&#8220; global_colors_info=&#8220;{}&#8220;][\/et_pb_image][\/et_pb_column][\/et_pb_row][et_pb_row _builder_version=&#8220;4.16&#8243; _module_preset=&#8220;default&#8220; global_colors_info=&#8220;{}&#8220;][et_pb_column type=&#8220;4_4&#8243; _builder_version=&#8220;4.16&#8243; _module_preset=&#8220;default&#8220; global_colors_info=&#8220;{}&#8220;][et_pb_text _builder_version=&#8220;4.19.2&#8243; _module_preset=&#8220;default&#8220; text_font=&#8220;Arial||||||||&#8220; text_text_color=&#8220;#0a0a0a&#8220; text_font_size=&#8220;15px&#8220; text_letter_spacing=&#8220;1px&#8220; header_2_text_color=&#8220;#0a0a0a&#8220; hover_enabled=&#8220;0&#8243; global_colors_info=&#8220;{}&#8220; sticky_enabled=&#8220;0&#8243;]<\/p>\n<h2><b><span>Wir bieten Rechtsberatung auf Mallorca an <\/span><\/b><\/h2>\n<p><span>Unser Ziel ist es, von Anfang an eine umfassende Beratung zu bieten. Wenn Sie sich mit uns in Verbindung setzen, werden Sie sehen, dass wir alles daran setzen, den Erfolg und die Zufriedenheit unserer Kunden in den Mittelpunkt unserer Arbeit zu stellen. Wir sind ein Beispiel f\u00fcr Professionalit\u00e4t und Effizienz und bieten einen Service von h\u00f6chster Qualit\u00e4t. Wir sind <a title=\"Steuerberater auf Mallorca\" alt=\"Steuerberater auf Mallorca\" href=\"\/de\/steuerberater-mallorca\/\">Steuerberater auf Mallorca<\/a> die maximalen Garantien anbieten k\u00f6nnen.<\/span><\/p>\n<p><span>Die <strong>Rechtsberatung auf Mallorca<\/strong> bieten wir seit mehr als 50 Jahren an. Dies hat es uns erm\u00f6glicht, zu einer Referenz in diesem Sektor zu werden. Viele haben sich in all den Jahren in unsere H\u00e4nde begeben, und wir m\u00f6chten, dass auch Sie auf uns z\u00e4hlen k\u00f6nnen. Wir haben alle Mittel, die Sie brauchen. In erster Linie stellen wir Ihnen ein Team von spezialisierten Fachleuten zur Verf\u00fcgung, die qualifiziert sind, jedes Verfahren umfassend durchzuf\u00fchren. Unser Humankapital arbeitet mit unterschiedlichen Kundenprofilen, sowohl auf nationaler als auch auf internationaler Ebene und in verschiedenen Sprachen. Wir wollen jedem helfen, der Hilfe braucht, und wir tun alles, was wir k\u00f6nnen, um dies zu erreichen. Wir bieten eine breite Palette von Dienstleistungen an, so dass Sie sich ganz beruhigt an uns wenden k\u00f6nnen.<\/span><\/p>\n<p><span><\/span><\/p>\n<div>\n<p><span>Wir von Joan Cerd\u00e0 Associats sind Spezialisten f\u00fcr <a title=\"Unternehmensberatung auf Mallorca\" alt=\"Unternehmensberatung auf Mallorca\" href=\"\/de\/unternehmensberatung-mallorca\/\">Unternehmensberatung auf Mallorca<\/a>. Wir sind auf der Insel, um Ihnen zu helfen. Wir m\u00f6chten Sie kennenlernen.<\/span><\/p>\n<\/div>\n<p>[\/et_pb_text][\/et_pb_column][\/et_pb_row][\/et_pb_section]<\/p>\n","protected":false},"excerpt":{"rendered":"<p>Rechtsberatung Mallorca Sie sind eine Einzelperson, ein Unternehmen oder ein Familienverband und ben\u00f6tigen eine Rechtsberatung auf Mallorca? Sie sind zur richtigen Zeit am richtigen Ort. Wir von Joan Cerd\u00e0 Associats verf\u00fcgen \u00fcber eine gro\u00dfe Erfahrung in diesem Sektor und eine Erfolgsbilanz, die von allen Kunden, die sich f\u00fcr unsere Dienste entschieden haben, sehr gesch\u00e4tzt wird. [&hellip;]<\/p>\n","protected":false},"author":1,"featured_media":0,"parent":0,"menu_order":0,"comment_status":"closed","ping_status":"closed","template":"","meta":{"_et_pb_use_builder":"on","_et_pb_old_content":"","_et_gb_content_width":"","inline_featured_image":false,"footnotes":""},"class_list":["post-339885","page","type-page","status-publish","hentry"],"yoast_head":"<!-- This site is optimized with the Yoast SEO plugin v27.5 - https:\/\/yoast.com\/product\/yoast-seo-wordpress\/ -->\n<title>Rechtsberatung mallorca\u00a0\u00a0 | Joan Cerd\u00e0<\/title>\n<meta name=\"description\" content=\"Ben\u00f6tigen Sie rechtsberatung mallorca? Sie sind zur richtigen Zeit am richtigen Ort. Joancerd\u00e1 hat, wonach Sie suchen. Anruf!\" \/>\n<meta name=\"robots\" content=\"index, follow, max-snippet:-1, max-image-preview:large, max-video-preview:-1\" \/>\n<link rel=\"canonical\" href=\"https:\/\/joancerda.com\/de\/rechtsberatung-mallorca\/\" \/>\n<meta property=\"og:locale\" content=\"de_DE\" \/>\n<meta property=\"og:type\" content=\"article\" \/>\n<meta property=\"og:title\" content=\"Rechtsberatung mallorca\u00a0\u00a0 | Joan Cerd\u00e0\" \/>\n<meta property=\"og:description\" content=\"Ben\u00f6tigen Sie rechtsberatung mallorca? Sie sind zur richtigen Zeit am richtigen Ort. Joancerd\u00e1 hat, wonach Sie suchen. Anruf!\" \/>\n<meta property=\"og:url\" content=\"https:\/\/joancerda.com\/de\/rechtsberatung-mallorca\/\" \/>\n<meta property=\"og:site_name\" content=\"Joan Cerd\u00e0\" \/>\n<meta property=\"article:modified_time\" content=\"2023-01-11T14:42:23+00:00\" \/>\n<meta name=\"twitter:card\" content=\"summary_large_image\" \/>\n<script type=\"application\/ld+json\" class=\"yoast-schema-graph\">{\"@context\":\"https:\\\/\\\/schema.org\",\"@graph\":[{\"@type\":\"WebPage\",\"@id\":\"https:\\\/\\\/joancerda.com\\\/de\\\/rechtsberatung-mallorca\\\/\",\"url\":\"https:\\\/\\\/joancerda.com\\\/de\\\/rechtsberatung-mallorca\\\/\",\"name\":\"Rechtsberatung mallorca\u00a0\u00a0 | Joan Cerd\u00e0\",\"isPartOf\":{\"@id\":\"https:\\\/\\\/joancerda.com\\\/de\\\/#website\"},\"datePublished\":\"2022-07-27T10:39:36+00:00\",\"dateModified\":\"2023-01-11T14:42:23+00:00\",\"description\":\"Ben\u00f6tigen Sie rechtsberatung mallorca? Sie sind zur richtigen Zeit am richtigen Ort. Joancerd\u00e1 hat, wonach Sie suchen. Anruf!\",\"breadcrumb\":{\"@id\":\"https:\\\/\\\/joancerda.com\\\/de\\\/rechtsberatung-mallorca\\\/#breadcrumb\"},\"inLanguage\":\"de\",\"potentialAction\":[{\"@type\":\"ReadAction\",\"target\":[\"https:\\\/\\\/joancerda.com\\\/de\\\/rechtsberatung-mallorca\\\/\"]}]},{\"@type\":\"BreadcrumbList\",\"@id\":\"https:\\\/\\\/joancerda.com\\\/de\\\/rechtsberatung-mallorca\\\/#breadcrumb\",\"itemListElement\":[{\"@type\":\"ListItem\",\"position\":1,\"name\":\"Portada\",\"item\":\"https:\\\/\\\/joancerda.com\\\/de\\\/\"},{\"@type\":\"ListItem\",\"position\":2,\"name\":\"Rechtsberatung mallorca\u00a0\u00a0\"}]},{\"@type\":\"WebSite\",\"@id\":\"https:\\\/\\\/joancerda.com\\\/de\\\/#website\",\"url\":\"https:\\\/\\\/joancerda.com\\\/de\\\/\",\"name\":\"Joan Cerd\u00e0\",\"description\":\"Firma Consultor\u00eda Fiscal\",\"publisher\":{\"@id\":\"https:\\\/\\\/joancerda.com\\\/de\\\/#organization\"},\"potentialAction\":[{\"@type\":\"SearchAction\",\"target\":{\"@type\":\"EntryPoint\",\"urlTemplate\":\"https:\\\/\\\/joancerda.com\\\/de\\\/?s={search_term_string}\"},\"query-input\":{\"@type\":\"PropertyValueSpecification\",\"valueRequired\":true,\"valueName\":\"search_term_string\"}}],\"inLanguage\":\"de\"},{\"@type\":\"Organization\",\"@id\":\"https:\\\/\\\/joancerda.com\\\/de\\\/#organization\",\"name\":\"Joan Cerd\u00e0 Consultor\u00eda Fiscal\",\"url\":\"https:\\\/\\\/joancerda.com\\\/de\\\/\",\"logo\":{\"@type\":\"ImageObject\",\"inLanguage\":\"de\",\"@id\":\"https:\\\/\\\/joancerda.com\\\/de\\\/#\\\/schema\\\/logo\\\/image\\\/\",\"url\":\"https:\\\/\\\/joancerda.com\\\/wp-content\\\/uploads\\\/2021\\\/12\\\/JoanCerda-Logo-Web-Horizontal-White-scaled.jpg\",\"contentUrl\":\"https:\\\/\\\/joancerda.com\\\/wp-content\\\/uploads\\\/2021\\\/12\\\/JoanCerda-Logo-Web-Horizontal-White-scaled.jpg\",\"width\":1920,\"height\":415,\"caption\":\"Joan Cerd\u00e0 Consultor\u00eda Fiscal\"},\"image\":{\"@id\":\"https:\\\/\\\/joancerda.com\\\/de\\\/#\\\/schema\\\/logo\\\/image\\\/\"}}]}<\/script>\n<!-- \/ Yoast SEO plugin. -->","yoast_head_json":{"title":"Rechtsberatung mallorca\u00a0\u00a0 | Joan Cerd\u00e0","description":"Ben\u00f6tigen Sie rechtsberatung mallorca? Sie sind zur richtigen Zeit am richtigen Ort. Joancerd\u00e1 hat, wonach Sie suchen. Anruf!","robots":{"index":"index","follow":"follow","max-snippet":"max-snippet:-1","max-image-preview":"max-image-preview:large","max-video-preview":"max-video-preview:-1"},"canonical":"https:\/\/joancerda.com\/de\/rechtsberatung-mallorca\/","og_locale":"de_DE","og_type":"article","og_title":"Rechtsberatung mallorca\u00a0\u00a0 | Joan Cerd\u00e0","og_description":"Ben\u00f6tigen Sie rechtsberatung mallorca? Sie sind zur richtigen Zeit am richtigen Ort. Joancerd\u00e1 hat, wonach Sie suchen. Anruf!","og_url":"https:\/\/joancerda.com\/de\/rechtsberatung-mallorca\/","og_site_name":"Joan Cerd\u00e0","article_modified_time":"2023-01-11T14:42:23+00:00","twitter_card":"summary_large_image","schema":{"@context":"https:\/\/schema.org","@graph":[{"@type":"WebPage","@id":"https:\/\/joancerda.com\/de\/rechtsberatung-mallorca\/","url":"https:\/\/joancerda.com\/de\/rechtsberatung-mallorca\/","name":"Rechtsberatung mallorca\u00a0\u00a0 | Joan Cerd\u00e0","isPartOf":{"@id":"https:\/\/joancerda.com\/de\/#website"},"datePublished":"2022-07-27T10:39:36+00:00","dateModified":"2023-01-11T14:42:23+00:00","description":"Ben\u00f6tigen Sie rechtsberatung mallorca? Sie sind zur richtigen Zeit am richtigen Ort. Joancerd\u00e1 hat, wonach Sie suchen. Anruf!","breadcrumb":{"@id":"https:\/\/joancerda.com\/de\/rechtsberatung-mallorca\/#breadcrumb"},"inLanguage":"de","potentialAction":[{"@type":"ReadAction","target":["https:\/\/joancerda.com\/de\/rechtsberatung-mallorca\/"]}]},{"@type":"BreadcrumbList","@id":"https:\/\/joancerda.com\/de\/rechtsberatung-mallorca\/#breadcrumb","itemListElement":[{"@type":"ListItem","position":1,"name":"Portada","item":"https:\/\/joancerda.com\/de\/"},{"@type":"ListItem","position":2,"name":"Rechtsberatung mallorca\u00a0\u00a0"}]},{"@type":"WebSite","@id":"https:\/\/joancerda.com\/de\/#website","url":"https:\/\/joancerda.com\/de\/","name":"Joan Cerd\u00e0","description":"Firma Consultor\u00eda Fiscal","publisher":{"@id":"https:\/\/joancerda.com\/de\/#organization"},"potentialAction":[{"@type":"SearchAction","target":{"@type":"EntryPoint","urlTemplate":"https:\/\/joancerda.com\/de\/?s={search_term_string}"},"query-input":{"@type":"PropertyValueSpecification","valueRequired":true,"valueName":"search_term_string"}}],"inLanguage":"de"},{"@type":"Organization","@id":"https:\/\/joancerda.com\/de\/#organization","name":"Joan Cerd\u00e0 Consultor\u00eda Fiscal","url":"https:\/\/joancerda.com\/de\/","logo":{"@type":"ImageObject","inLanguage":"de","@id":"https:\/\/joancerda.com\/de\/#\/schema\/logo\/image\/","url":"https:\/\/joancerda.com\/wp-content\/uploads\/2021\/12\/JoanCerda-Logo-Web-Horizontal-White-scaled.jpg","contentUrl":"https:\/\/joancerda.com\/wp-content\/uploads\/2021\/12\/JoanCerda-Logo-Web-Horizontal-White-scaled.jpg","width":1920,"height":415,"caption":"Joan Cerd\u00e0 Consultor\u00eda Fiscal"},"image":{"@id":"https:\/\/joancerda.com\/de\/#\/schema\/logo\/image\/"}}]}},"_links":{"self":[{"href":"https:\/\/joancerda.com\/de\/wp-json\/wp\/v2\/pages\/339885","targetHints":{"allow":["GET"]}}],"collection":[{"href":"https:\/\/joancerda.com\/de\/wp-json\/wp\/v2\/pages"}],"about":[{"href":"https:\/\/joancerda.com\/de\/wp-json\/wp\/v2\/types\/page"}],"author":[{"embeddable":true,"href":"https:\/\/joancerda.com\/de\/wp-json\/wp\/v2\/users\/1"}],"replies":[{"embeddable":true,"href":"https:\/\/joancerda.com\/de\/wp-json\/wp\/v2\/comments?post=339885"}],"version-history":[{"count":4,"href":"https:\/\/joancerda.com\/de\/wp-json\/wp\/v2\/pages\/339885\/revisions"}],"predecessor-version":[{"id":340557,"href":"https:\/\/joancerda.com\/de\/wp-json\/wp\/v2\/pages\/339885\/revisions\/340557"}],"wp:attachment":[{"href":"https:\/\/joancerda.com\/de\/wp-json\/wp\/v2\/media?parent=339885"}],"curies":[{"name":"wp","href":"https:\/\/api.w.org\/{rel}","templated":true}]}}