{"id":339889,"date":"2022-07-27T10:48:05","date_gmt":"2022-07-27T10:48:05","guid":{"rendered":"https:\/\/joancerda.com\/?page_id=339889"},"modified":"2023-01-11T14:37:12","modified_gmt":"2023-01-11T14:37:12","slug":"steuerberater-mallorca","status":"publish","type":"page","link":"https:\/\/joancerda.com\/de\/steuerberater-mallorca\/","title":{"rendered":"Steuerberater Mallorca"},"content":{"rendered":"<p>[et_pb_section fb_built=&#8220;1&#8243; _builder_version=&#8220;4.16&#8243; _module_preset=&#8220;default&#8220; custom_margin=&#8220;|200px||200px|false|true&#8220; custom_padding=&#8220;|||0px||&#8220; global_colors_info=&#8220;{}&#8220;][et_pb_row _builder_version=&#8220;4.16&#8243; _module_preset=&#8220;default&#8220; global_colors_info=&#8220;{}&#8220;][et_pb_column type=&#8220;4_4&#8243; _builder_version=&#8220;4.16&#8243; _module_preset=&#8220;default&#8220; global_colors_info=&#8220;{}&#8220;][et_pb_text _builder_version=&#8220;4.16&#8243; _module_preset=&#8220;default&#8220; text_font=&#8220;Arial||||||||&#8220; text_text_color=&#8220;#0a0a0a&#8220; text_font_size=&#8220;15px&#8220; text_letter_spacing=&#8220;1px&#8220; text_line_height=&#8220;1.5em&#8220; header_text_color=&#8220;#0a0a0a&#8220; global_colors_info=&#8220;{}&#8220;]<\/p>\n<h1><strong>Steuerberater Mallorca<\/strong><\/h1>\n<p>[\/et_pb_text][\/et_pb_column][\/et_pb_row][et_pb_row column_structure=&#8220;1_2,1_2&#8243; _builder_version=&#8220;4.16&#8243; _module_preset=&#8220;default&#8220; global_colors_info=&#8220;{}&#8220;][et_pb_column type=&#8220;1_2&#8243; _builder_version=&#8220;4.16&#8243; _module_preset=&#8220;default&#8220; global_colors_info=&#8220;{}&#8220;][et_pb_text _builder_version=&#8220;4.19.2&#8243; _module_preset=&#8220;default&#8220; text_font=&#8220;Arial||||||||&#8220; text_text_color=&#8220;#0a0a0a&#8220; text_font_size=&#8220;15px&#8220; text_letter_spacing=&#8220;1px&#8220; text_line_height=&#8220;1.5em&#8220; custom_margin=&#8220;||||true|false&#8220; hover_enabled=&#8220;0&#8243; global_colors_info=&#8220;{}&#8220; sticky_enabled=&#8220;0&#8243;]<span>Ben\u00f6tigen Sie die Dienste eines <strong>Steuerberaters auf Mallorca<\/strong>? Bei Joan Cerd\u00e0 Associats k\u00f6nnen wir Ihnen den besten Service garantieren. Nehmen Sie einfach Kontakt mit uns auf und teilen Sie uns mit, was Sie brauchen. Z\u00f6gern Sie nicht, dies zu tun. Wir bieten Ihnen in k\u00fcrzester Zeit einen ganz pers\u00f6nlichen Service, um alles herauszufinden, was Sie suchen. Nur so k\u00f6nnen wir ein Verfahren mit gr\u00f6\u00dftm\u00f6glicher Garantie einleiten, das zu einem f\u00fcr Sie zufriedenstellenden Ergebnis f\u00fchrt. Unser Ziel ist es, einen umfassenden Service zu bieten, bei dem wir die f\u00fcr Sie am besten geeignete L\u00f6sung finden k\u00f6nnen. Wir arbeiten auf nationaler und internationaler Ebene. In diesem Zusammenhang sind wir uns der gro\u00dfen Zahl von Deutschen, die auf der Insel leben und dort arbeiten, durchaus bewusst. Wenn Sie also die Dienste eines <a title=\"deutschsprachigen Steuerberaters auf Mallorca\" alt=\"deutschsprachigen Steuerberaters auf Mallorca\" href=\"\/de\/steuerberater-mallorca-deutschsprachig\/\">deutschsprachigen Steuerberaters auf Mallorca<\/a> ben\u00f6tigen, werden Sie bei uns f\u00fcndig.<\/span>[\/et_pb_text][\/et_pb_column][et_pb_column type=&#8220;1_2&#8243; _builder_version=&#8220;4.16&#8243; _module_preset=&#8220;default&#8220; global_colors_info=&#8220;{}&#8220;][et_pb_image src=&#8220;https:\/\/joancerda.com\/wp-content\/uploads\/2022\/03\/tingey-injury-law-firm-veNb0DDegzE-unsplash.jpg&#8220; alt=&#8220;steuerberater mallorca&#8220; title_text=&#8220;tingey-injury-law-firm-veNb0DDegzE-unsplash&#8220; _builder_version=&#8220;4.16&#8243; _module_preset=&#8220;default&#8220; width=&#8220;79%&#8220; global_colors_info=&#8220;{}&#8220;][\/et_pb_image][\/et_pb_column][\/et_pb_row][et_pb_row _builder_version=&#8220;4.16&#8243; _module_preset=&#8220;default&#8220; global_colors_info=&#8220;{}&#8220;][et_pb_column type=&#8220;4_4&#8243; _builder_version=&#8220;4.16&#8243; _module_preset=&#8220;default&#8220; global_colors_info=&#8220;{}&#8220;][et_pb_text _builder_version=&#8220;4.19.2&#8243; _module_preset=&#8220;default&#8220; text_font=&#8220;Arial||||||||&#8220; text_text_color=&#8220;#0a0a0a&#8220; text_font_size=&#8220;15px&#8220; text_letter_spacing=&#8220;1px&#8220; text_line_height=&#8220;1.5em&#8220; header_text_color=&#8220;#0a0a0a&#8220; header_2_text_color=&#8220;#0a0a0a&#8220; header_2_font_size=&#8220;27px&#8220; hover_enabled=&#8220;0&#8243; global_colors_info=&#8220;{}&#8220; sticky_enabled=&#8220;0&#8243;]<\/p>\n<h2><strong>Spezialisierte Steuerberater mallorca<\/strong><\/h2>\n<p>Wir verf\u00fcgen \u00fcber ein Team von hochqualifizierten Fachleuten, die Dienstleistungen in mehr als 7 Sprachen und in verschiedenen Disziplinen anbieten k\u00f6nnen. Unser Ziel ist es, alle uns zur Verf\u00fcgung stehenden Mittel zu nutzen, um eine m\u00f6glichst umfassende Antwort zu geben. Wir kennen den Sektor bis ins kleinste Detail. Wir sind seit mehr als 50 Jahren in diesem Sektor t\u00e4tig und entwickeln uns st\u00e4ndig weiter, um den Service f\u00fcr unsere Kunden zu verbessern.<\/p>\n<p>Wir sind ein <strong>steuerberater mallorca<\/strong> mit sehr positiven Kundenrezensionen. Viele haben sich bereits entschieden, sich in unsere H\u00e4nde zu begeben, und das motiviert uns, auf die gleiche Weise weiterzuarbeiten und alles f\u00fcr die Zufriedenheit unserer Kunden zu tun. Unser Hauptziel ist es, Ihre Bed\u00fcrfnisse zu befriedigen und Ihre Erwartungen zu erf\u00fcllen. Wir bieten <a title=\"unternehmensberatung mallorca\" alt=\"unternehmensberatung mallorca\" href=\"\/de\/unternehmensberatung-mallorca\/\">unternehmensberatung mallorca<\/a> in verschiedenen Branchen an. Was auch immer Ihre Bed\u00fcrfnisse sind, wir sind bereit, uns ihnen zu stellen und die perfekte L\u00f6sung zu finden.<\/p>\n<p>Lernen Sie uns kennen![\/et_pb_text][\/et_pb_column][\/et_pb_row][\/et_pb_section]<\/p>\n","protected":false},"excerpt":{"rendered":"<p>Steuerberater MallorcaBen\u00f6tigen Sie die Dienste eines Steuerberaters auf Mallorca? Bei Joan Cerd\u00e0 Associats k\u00f6nnen wir Ihnen den besten Service garantieren. Nehmen Sie einfach Kontakt mit uns auf und teilen Sie uns mit, was Sie brauchen. Z\u00f6gern Sie nicht, dies zu tun. Wir bieten Ihnen in k\u00fcrzester Zeit einen ganz pers\u00f6nlichen Service, um alles herauszufinden, was [&hellip;]<\/p>\n","protected":false},"author":1,"featured_media":0,"parent":0,"menu_order":0,"comment_status":"closed","ping_status":"closed","template":"","meta":{"_et_pb_use_builder":"on","_et_pb_old_content":"","_et_gb_content_width":"","inline_featured_image":false,"footnotes":""},"class_list":["post-339889","page","type-page","status-publish","hentry"],"yoast_head":"<!-- This site is optimized with the Yoast SEO plugin v27.5 - https:\/\/yoast.com\/product\/yoast-seo-wordpress\/ -->\n<title>Steuerberater Mallorca | Joan Cerd\u00e0<\/title>\n<meta name=\"description\" content=\"Ben\u00f6tigen Sie die Dienste eines steuerberater mallorca? Bei Joan Cerd\u00e0 Associats k\u00f6nnen wir den besten Service garantieren. Anruf!\" \/>\n<meta name=\"robots\" content=\"index, follow, max-snippet:-1, max-image-preview:large, max-video-preview:-1\" \/>\n<link rel=\"canonical\" href=\"https:\/\/joancerda.com\/de\/steuerberater-mallorca\/\" \/>\n<meta property=\"og:locale\" content=\"de_DE\" \/>\n<meta property=\"og:type\" content=\"article\" \/>\n<meta property=\"og:title\" content=\"Steuerberater Mallorca | Joan Cerd\u00e0\" \/>\n<meta property=\"og:description\" content=\"Ben\u00f6tigen Sie die Dienste eines steuerberater mallorca? Bei Joan Cerd\u00e0 Associats k\u00f6nnen wir den besten Service garantieren. Anruf!\" \/>\n<meta property=\"og:url\" content=\"https:\/\/joancerda.com\/de\/steuerberater-mallorca\/\" \/>\n<meta property=\"og:site_name\" content=\"Joan Cerd\u00e0\" \/>\n<meta property=\"article:modified_time\" content=\"2023-01-11T14:37:12+00:00\" \/>\n<meta name=\"twitter:card\" content=\"summary_large_image\" \/>\n<script type=\"application\/ld+json\" class=\"yoast-schema-graph\">{\"@context\":\"https:\\\/\\\/schema.org\",\"@graph\":[{\"@type\":\"WebPage\",\"@id\":\"https:\\\/\\\/joancerda.com\\\/de\\\/steuerberater-mallorca\\\/\",\"url\":\"https:\\\/\\\/joancerda.com\\\/de\\\/steuerberater-mallorca\\\/\",\"name\":\"Steuerberater Mallorca | Joan Cerd\u00e0\",\"isPartOf\":{\"@id\":\"https:\\\/\\\/joancerda.com\\\/de\\\/#website\"},\"datePublished\":\"2022-07-27T10:48:05+00:00\",\"dateModified\":\"2023-01-11T14:37:12+00:00\",\"description\":\"Ben\u00f6tigen Sie die Dienste eines steuerberater mallorca? Bei Joan Cerd\u00e0 Associats k\u00f6nnen wir den besten Service garantieren. Anruf!\",\"breadcrumb\":{\"@id\":\"https:\\\/\\\/joancerda.com\\\/de\\\/steuerberater-mallorca\\\/#breadcrumb\"},\"inLanguage\":\"de\",\"potentialAction\":[{\"@type\":\"ReadAction\",\"target\":[\"https:\\\/\\\/joancerda.com\\\/de\\\/steuerberater-mallorca\\\/\"]}]},{\"@type\":\"BreadcrumbList\",\"@id\":\"https:\\\/\\\/joancerda.com\\\/de\\\/steuerberater-mallorca\\\/#breadcrumb\",\"itemListElement\":[{\"@type\":\"ListItem\",\"position\":1,\"name\":\"Portada\",\"item\":\"https:\\\/\\\/joancerda.com\\\/de\\\/\"},{\"@type\":\"ListItem\",\"position\":2,\"name\":\"Steuerberater Mallorca\"}]},{\"@type\":\"WebSite\",\"@id\":\"https:\\\/\\\/joancerda.com\\\/de\\\/#website\",\"url\":\"https:\\\/\\\/joancerda.com\\\/de\\\/\",\"name\":\"Joan Cerd\u00e0\",\"description\":\"Firma Consultor\u00eda Fiscal\",\"publisher\":{\"@id\":\"https:\\\/\\\/joancerda.com\\\/de\\\/#organization\"},\"potentialAction\":[{\"@type\":\"SearchAction\",\"target\":{\"@type\":\"EntryPoint\",\"urlTemplate\":\"https:\\\/\\\/joancerda.com\\\/de\\\/?s={search_term_string}\"},\"query-input\":{\"@type\":\"PropertyValueSpecification\",\"valueRequired\":true,\"valueName\":\"search_term_string\"}}],\"inLanguage\":\"de\"},{\"@type\":\"Organization\",\"@id\":\"https:\\\/\\\/joancerda.com\\\/de\\\/#organization\",\"name\":\"Joan Cerd\u00e0 Consultor\u00eda Fiscal\",\"url\":\"https:\\\/\\\/joancerda.com\\\/de\\\/\",\"logo\":{\"@type\":\"ImageObject\",\"inLanguage\":\"de\",\"@id\":\"https:\\\/\\\/joancerda.com\\\/de\\\/#\\\/schema\\\/logo\\\/image\\\/\",\"url\":\"https:\\\/\\\/joancerda.com\\\/wp-content\\\/uploads\\\/2021\\\/12\\\/JoanCerda-Logo-Web-Horizontal-White-scaled.jpg\",\"contentUrl\":\"https:\\\/\\\/joancerda.com\\\/wp-content\\\/uploads\\\/2021\\\/12\\\/JoanCerda-Logo-Web-Horizontal-White-scaled.jpg\",\"width\":1920,\"height\":415,\"caption\":\"Joan Cerd\u00e0 Consultor\u00eda Fiscal\"},\"image\":{\"@id\":\"https:\\\/\\\/joancerda.com\\\/de\\\/#\\\/schema\\\/logo\\\/image\\\/\"}}]}<\/script>\n<!-- \/ Yoast SEO plugin. -->","yoast_head_json":{"title":"Steuerberater Mallorca | Joan Cerd\u00e0","description":"Ben\u00f6tigen Sie die Dienste eines steuerberater mallorca? Bei Joan Cerd\u00e0 Associats k\u00f6nnen wir den besten Service garantieren. Anruf!","robots":{"index":"index","follow":"follow","max-snippet":"max-snippet:-1","max-image-preview":"max-image-preview:large","max-video-preview":"max-video-preview:-1"},"canonical":"https:\/\/joancerda.com\/de\/steuerberater-mallorca\/","og_locale":"de_DE","og_type":"article","og_title":"Steuerberater Mallorca | Joan Cerd\u00e0","og_description":"Ben\u00f6tigen Sie die Dienste eines steuerberater mallorca? Bei Joan Cerd\u00e0 Associats k\u00f6nnen wir den besten Service garantieren. Anruf!","og_url":"https:\/\/joancerda.com\/de\/steuerberater-mallorca\/","og_site_name":"Joan Cerd\u00e0","article_modified_time":"2023-01-11T14:37:12+00:00","twitter_card":"summary_large_image","schema":{"@context":"https:\/\/schema.org","@graph":[{"@type":"WebPage","@id":"https:\/\/joancerda.com\/de\/steuerberater-mallorca\/","url":"https:\/\/joancerda.com\/de\/steuerberater-mallorca\/","name":"Steuerberater Mallorca | Joan Cerd\u00e0","isPartOf":{"@id":"https:\/\/joancerda.com\/de\/#website"},"datePublished":"2022-07-27T10:48:05+00:00","dateModified":"2023-01-11T14:37:12+00:00","description":"Ben\u00f6tigen Sie die Dienste eines steuerberater mallorca? Bei Joan Cerd\u00e0 Associats k\u00f6nnen wir den besten Service garantieren. Anruf!","breadcrumb":{"@id":"https:\/\/joancerda.com\/de\/steuerberater-mallorca\/#breadcrumb"},"inLanguage":"de","potentialAction":[{"@type":"ReadAction","target":["https:\/\/joancerda.com\/de\/steuerberater-mallorca\/"]}]},{"@type":"BreadcrumbList","@id":"https:\/\/joancerda.com\/de\/steuerberater-mallorca\/#breadcrumb","itemListElement":[{"@type":"ListItem","position":1,"name":"Portada","item":"https:\/\/joancerda.com\/de\/"},{"@type":"ListItem","position":2,"name":"Steuerberater Mallorca"}]},{"@type":"WebSite","@id":"https:\/\/joancerda.com\/de\/#website","url":"https:\/\/joancerda.com\/de\/","name":"Joan Cerd\u00e0","description":"Firma Consultor\u00eda Fiscal","publisher":{"@id":"https:\/\/joancerda.com\/de\/#organization"},"potentialAction":[{"@type":"SearchAction","target":{"@type":"EntryPoint","urlTemplate":"https:\/\/joancerda.com\/de\/?s={search_term_string}"},"query-input":{"@type":"PropertyValueSpecification","valueRequired":true,"valueName":"search_term_string"}}],"inLanguage":"de"},{"@type":"Organization","@id":"https:\/\/joancerda.com\/de\/#organization","name":"Joan Cerd\u00e0 Consultor\u00eda Fiscal","url":"https:\/\/joancerda.com\/de\/","logo":{"@type":"ImageObject","inLanguage":"de","@id":"https:\/\/joancerda.com\/de\/#\/schema\/logo\/image\/","url":"https:\/\/joancerda.com\/wp-content\/uploads\/2021\/12\/JoanCerda-Logo-Web-Horizontal-White-scaled.jpg","contentUrl":"https:\/\/joancerda.com\/wp-content\/uploads\/2021\/12\/JoanCerda-Logo-Web-Horizontal-White-scaled.jpg","width":1920,"height":415,"caption":"Joan Cerd\u00e0 Consultor\u00eda Fiscal"},"image":{"@id":"https:\/\/joancerda.com\/de\/#\/schema\/logo\/image\/"}}]}},"_links":{"self":[{"href":"https:\/\/joancerda.com\/de\/wp-json\/wp\/v2\/pages\/339889","targetHints":{"allow":["GET"]}}],"collection":[{"href":"https:\/\/joancerda.com\/de\/wp-json\/wp\/v2\/pages"}],"about":[{"href":"https:\/\/joancerda.com\/de\/wp-json\/wp\/v2\/types\/page"}],"author":[{"embeddable":true,"href":"https:\/\/joancerda.com\/de\/wp-json\/wp\/v2\/users\/1"}],"replies":[{"embeddable":true,"href":"https:\/\/joancerda.com\/de\/wp-json\/wp\/v2\/comments?post=339889"}],"version-history":[{"count":4,"href":"https:\/\/joancerda.com\/de\/wp-json\/wp\/v2\/pages\/339889\/revisions"}],"predecessor-version":[{"id":340555,"href":"https:\/\/joancerda.com\/de\/wp-json\/wp\/v2\/pages\/339889\/revisions\/340555"}],"wp:attachment":[{"href":"https:\/\/joancerda.com\/de\/wp-json\/wp\/v2\/media?parent=339889"}],"curies":[{"name":"wp","href":"https:\/\/api.w.org\/{rel}","templated":true}]}}